{"id":604,"date":"2020-11-03T15:08:42","date_gmt":"2020-11-03T17:08:42","guid":{"rendered":"https:\/\/www.geliudizainas.lt\/wp-content\/uploads\/2020\/11\/HORTUS-MAGICUS-ir-ADAM-DECOLIGHT-Kal\u0117din\u0117-vitrinos-dekoras.\u0160ventin\u0117-puo\u0161yba.Christmas-decoratios..jpg"},"modified":"2020-11-03T15:08:42","modified_gmt":"2020-11-03T17:08:42","slug":"hortus-magicus-ir-adam-decolight-kaledine-vitrinos-dekoras-sventine-puosyba-christmas-decoratios-2","status":"inherit","type":"attachment","link":"https:\/\/www.geliudizainas.lt\/en\/hortus-magicus-ir-adam-decolight-kaledine-vitrinos-dekoras-sventine-puosyba-christmas-decoratios-2\/","title":{"rendered":"HORTUS-MAGICUS ir ADAM DECOLIGHT Kal\u0117din\u0117-vitrinos-dekoras.\u0160ventin\u0117-puo\u0161yba.,Christmas-decoratios."},"author":1,"featured_media":0,"comment_status":"open","ping_status":"closed","template":"","meta":{"_acf_changed":false},"class_list":["post-604","attachment","type-attachment","status-inherit","hentry"],"acf":[],"smush":{"stats":{"percent":4.532413683338182,"bytes":66067,"size_before":1457656,"size_after":1391589,"time":4.679999999999999,"api_version":"1.0","lossy":true,"keep_exif":0},"sizes":{"thumbnail":{"percent":8.81,"bytes":833,"size_before":9453,"size_after":8620,"time":0.06},"0":{"percent":0,"bytes":0,"size_before":23753,"size_after":23753,"time":0.06},"title-inside":{"percent":4.75,"bytes":2942,"size_before":62345,"size_after":59386,"time":0.12},"medium":{"percent":7.44,"bytes":1539,"size_before":20676,"size_after":19137,"time":0.24},"about":{"percent":6.93,"bytes":3817,"size_before":55265,"size_after":51435,"time":0.04},"1":{"percent":6.14,"bytes":2433,"size_before":39727,"size_after":37286,"time":0.09},"2":{"percent":6.92,"bytes":1585,"size_before":23073,"size_after":21476,"time":0.1},"3":{"percent":6.23,"bytes":1708,"size_before":25460,"size_after":23873,"time":0.08},"slide":{"percent":5.96,"bytes":5453,"size_before":91684,"size_after":86223,"time":0.05},"title-ins":{"percent":4.87,"bytes":4697,"size_before":96828,"size_after":92116,"time":0.16},"everest-medium":{"percent":7.42,"bytes":2160,"size_before":29273,"size_after":27101,"time":0.3},"service-image":{"percent":5.31,"bytes":2009,"size_before":37846,"size_after":35835,"time":0.29},"4":{"percent":7.17,"bytes":2091,"size_before":29144,"size_after":27053,"time":0.5},"medium_large":{"percent":4.65,"bytes":8187,"size_before":176881,"size_after":168664,"time":0.48},"everest-medium-large":{"percent":5.61,"bytes":6289,"size_before":112474,"size_after":106161,"time":0.28},"everest-large":{"percent":5.25,"bytes":10809,"size_before":206884,"size_after":196030,"time":0.38},"full":{"percent":0.07,"bytes":178,"size_before":242657,"size_after":242479,"time":0.44},"large":{"percent":4.93,"bytes":7312,"size_before":148396,"size_after":141081,"time":0.99},"5":{"percent":7.57,"bytes":1957,"size_before":25837,"size_after":23880,"time":0.02}}},"description":{"rendered":"<p class=\"attachment\"><a href='https:\/\/www.geliudizainas.lt\/wp-content\/uploads\/2020\/11\/HORTUS-MAGICUS-ir-ADAM-DECOLIGHT-Kal\u0117din\u0117-vitrinos-dekoras.\u0160ventin\u0117-puo\u0161yba.Christmas-decoratios..jpg'><img loading=\"lazy\" decoding=\"async\" width=\"200\" height=\"300\" src=\"https:\/\/www.geliudizainas.lt\/wp-content\/uploads\/2020\/11\/HORTUS-MAGICUS-ir-ADAM-DECOLIGHT-Kal\u0117din\u0117-vitrinos-dekoras.\u0160ventin\u0117-puo\u0161yba.Christmas-decoratios.-200x300.jpg\" class=\"attachment-medium size-medium\" alt=\"\" srcset=\"https:\/\/www.geliudizainas.lt\/wp-content\/uploads\/2020\/11\/HORTUS-MAGICUS-ir-ADAM-DECOLIGHT-Kal\u0117din\u0117-vitrinos-dekoras.\u0160ventin\u0117-puo\u0161yba.Christmas-decoratios.-200x300.jpg 200w, https:\/\/www.geliudizainas.lt\/wp-content\/uploads\/2020\/11\/HORTUS-MAGICUS-ir-ADAM-DECOLIGHT-Kal\u0117din\u0117-vitrinos-dekoras.\u0160ventin\u0117-puo\u0161yba.Christmas-decoratios.-768x1152.jpg 768w, https:\/\/www.geliudizainas.lt\/wp-content\/uploads\/2020\/11\/HORTUS-MAGICUS-ir-ADAM-DECOLIGHT-Kal\u0117din\u0117-vitrinos-dekoras.\u0160ventin\u0117-puo\u0161yba.Christmas-decoratios.-683x1024.jpg 683w, https:\/\/www.geliudizainas.lt\/wp-content\/uploads\/2020\/11\/HORTUS-MAGICUS-ir-ADAM-DECOLIGHT-Kal\u0117din\u0117-vitrinos-dekoras.\u0160ventin\u0117-puo\u0161yba.Christmas-decoratios.-500x750.jpg 500w, https:\/\/www.geliudizainas.lt\/wp-content\/uploads\/2020\/11\/HORTUS-MAGICUS-ir-ADAM-DECOLIGHT-Kal\u0117din\u0117-vitrinos-dekoras.\u0160ventin\u0117-puo\u0161yba.Christmas-decoratios..jpg 910w\" sizes=\"auto, (max-width: 200px) 100vw, 200px\" \/><\/a><\/p>\n"},"caption":{"rendered":""},"alt_text":"","media_type":"image","mime_type":"image\/jpeg","media_details":{"width":910,"height":1365,"file":"2020\/11\/HORTUS-MAGICUS-ir-ADAM-DECOLIGHT-Kal\u0117din\u0117-vitrinos-dekoras.\u0160ventin\u0117-puo\u0161yba.Christmas-decoratios..jpg","sizes":{"thumbnail":{"file":"HORTUS-MAGICUS-ir-ADAM-DECOLIGHT-Kal\u0117din\u0117-vitrinos-dekoras.\u0160ventin\u0117-puo\u0161yba.Christmas-decoratios.-150x150.jpg","width":150,"height":150,"mime_type":"image\/jpeg","source_url":"https:\/\/www.geliudizainas.lt\/wp-content\/uploads\/2020\/11\/HORTUS-MAGICUS-ir-ADAM-DECOLIGHT-Kal\u0117din\u0117-vitrinos-dekoras.\u0160ventin\u0117-puo\u0161yba.Christmas-decoratios.-150x150.jpg"},"medium":{"file":"HORTUS-MAGICUS-ir-ADAM-DECOLIGHT-Kal\u0117din\u0117-vitrinos-dekoras.\u0160ventin\u0117-puo\u0161yba.Christmas-decoratios.-200x300.jpg","width":200,"height":300,"mime_type":"image\/jpeg","source_url":"https:\/\/www.geliudizainas.lt\/wp-content\/uploads\/2020\/11\/HORTUS-MAGICUS-ir-ADAM-DECOLIGHT-Kal\u0117din\u0117-vitrinos-dekoras.\u0160ventin\u0117-puo\u0161yba.Christmas-decoratios.-200x300.jpg"},"medium_large":{"file":"HORTUS-MAGICUS-ir-ADAM-DECOLIGHT-Kal\u0117din\u0117-vitrinos-dekoras.\u0160ventin\u0117-puo\u0161yba.Christmas-decoratios.-768x1152.jpg","width":768,"height":1152,"mime_type":"image\/jpeg","source_url":"https:\/\/www.geliudizainas.lt\/wp-content\/uploads\/2020\/11\/HORTUS-MAGICUS-ir-ADAM-DECOLIGHT-Kal\u0117din\u0117-vitrinos-dekoras.\u0160ventin\u0117-puo\u0161yba.Christmas-decoratios.-768x1152.jpg"},"large":{"file":"HORTUS-MAGICUS-ir-ADAM-DECOLIGHT-Kal\u0117din\u0117-vitrinos-dekoras.\u0160ventin\u0117-puo\u0161yba.Christmas-decoratios.-683x1024.jpg","width":683,"height":1024,"mime_type":"image\/jpeg","source_url":"https:\/\/www.geliudizainas.lt\/wp-content\/uploads\/2020\/11\/HORTUS-MAGICUS-ir-ADAM-DECOLIGHT-Kal\u0117din\u0117-vitrinos-dekoras.\u0160ventin\u0117-puo\u0161yba.Christmas-decoratios.-683x1024.jpg"},"everest-large":{"file":"HORTUS-MAGICUS-ir-ADAM-DECOLIGHT-Kal\u0117din\u0117-vitrinos-dekoras.\u0160ventin\u0117-puo\u0161yba.Christmas-decoratios.-910x1024.jpg","width":910,"height":1024,"mime_type":"image\/jpeg","source_url":"https:\/\/www.geliudizainas.lt\/wp-content\/uploads\/2020\/11\/HORTUS-MAGICUS-ir-ADAM-DECOLIGHT-Kal\u0117din\u0117-vitrinos-dekoras.\u0160ventin\u0117-puo\u0161yba.Christmas-decoratios.-910x1024.jpg"},"everest-medium-large":{"file":"HORTUS-MAGICUS-ir-ADAM-DECOLIGHT-Kal\u0117din\u0117-vitrinos-dekoras.\u0160ventin\u0117-puo\u0161yba.Christmas-decoratios.-700x700.jpg","width":700,"height":700,"mime_type":"image\/jpeg","source_url":"https:\/\/www.geliudizainas.lt\/wp-content\/uploads\/2020\/11\/HORTUS-MAGICUS-ir-ADAM-DECOLIGHT-Kal\u0117din\u0117-vitrinos-dekoras.\u0160ventin\u0117-puo\u0161yba.Christmas-decoratios.-700x700.jpg"},"everest-medium":{"file":"HORTUS-MAGICUS-ir-ADAM-DECOLIGHT-Kal\u0117din\u0117-vitrinos-dekoras.\u0160ventin\u0117-puo\u0161yba.Christmas-decoratios.-300x300.jpg","width":300,"height":300,"mime_type":"image\/jpeg","source_url":"https:\/\/www.geliudizainas.lt\/wp-content\/uploads\/2020\/11\/HORTUS-MAGICUS-ir-ADAM-DECOLIGHT-Kal\u0117din\u0117-vitrinos-dekoras.\u0160ventin\u0117-puo\u0161yba.Christmas-decoratios.-300x300.jpg"},"slide":{"file":"HORTUS-MAGICUS-ir-ADAM-DECOLIGHT-Kal\u0117din\u0117-vitrinos-dekoras.\u0160ventin\u0117-puo\u0161yba.Christmas-decoratios.-500x750.jpg","width":500,"height":750,"mime_type":"image\/jpeg","source_url":"https:\/\/www.geliudizainas.lt\/wp-content\/uploads\/2020\/11\/HORTUS-MAGICUS-ir-ADAM-DECOLIGHT-Kal\u0117din\u0117-vitrinos-dekoras.\u0160ventin\u0117-puo\u0161yba.Christmas-decoratios.-500x750.jpg"},"about":{"file":"HORTUS-MAGICUS-ir-ADAM-DECOLIGHT-Kal\u0117din\u0117-vitrinos-dekoras.\u0160ventin\u0117-puo\u0161yba.Christmas-decoratios.-387x500.jpg","width":387,"height":500,"mime_type":"image\/jpeg","source_url":"https:\/\/www.geliudizainas.lt\/wp-content\/uploads\/2020\/11\/HORTUS-MAGICUS-ir-ADAM-DECOLIGHT-Kal\u0117din\u0117-vitrinos-dekoras.\u0160ventin\u0117-puo\u0161yba.Christmas-decoratios.-387x500.jpg"},"1":{"file":"HORTUS-MAGICUS-ir-ADAM-DECOLIGHT-Kal\u0117din\u0117-vitrinos-dekoras.\u0160ventin\u0117-puo\u0161yba.Christmas-decoratios.-510x307.jpg","width":510,"height":307,"mime_type":"image\/jpeg","source_url":"https:\/\/www.geliudizainas.lt\/wp-content\/uploads\/2020\/11\/HORTUS-MAGICUS-ir-ADAM-DECOLIGHT-Kal\u0117din\u0117-vitrinos-dekoras.\u0160ventin\u0117-puo\u0161yba.Christmas-decoratios.-510x307.jpg"},"2":{"file":"HORTUS-MAGICUS-ir-ADAM-DECOLIGHT-Kal\u0117din\u0117-vitrinos-dekoras.\u0160ventin\u0117-puo\u0161yba.Christmas-decoratios.-360x220.jpg","width":360,"height":220,"mime_type":"image\/jpeg","source_url":"https:\/\/www.geliudizainas.lt\/wp-content\/uploads\/2020\/11\/HORTUS-MAGICUS-ir-ADAM-DECOLIGHT-Kal\u0117din\u0117-vitrinos-dekoras.\u0160ventin\u0117-puo\u0161yba.Christmas-decoratios.-360x220.jpg"},"3":{"file":"HORTUS-MAGICUS-ir-ADAM-DECOLIGHT-Kal\u0117din\u0117-vitrinos-dekoras.\u0160ventin\u0117-puo\u0161yba.Christmas-decoratios.-380x233.jpg","width":380,"height":233,"mime_type":"image\/jpeg","source_url":"https:\/\/www.geliudizainas.lt\/wp-content\/uploads\/2020\/11\/HORTUS-MAGICUS-ir-ADAM-DECOLIGHT-Kal\u0117din\u0117-vitrinos-dekoras.\u0160ventin\u0117-puo\u0161yba.Christmas-decoratios.-380x233.jpg"},"4":{"file":"HORTUS-MAGICUS-ir-ADAM-DECOLIGHT-Kal\u0117din\u0117-vitrinos-dekoras.\u0160ventin\u0117-puo\u0161yba.Christmas-decoratios.-240x385.jpg","width":240,"height":385,"mime_type":"image\/jpeg","source_url":"https:\/\/www.geliudizainas.lt\/wp-content\/uploads\/2020\/11\/HORTUS-MAGICUS-ir-ADAM-DECOLIGHT-Kal\u0117din\u0117-vitrinos-dekoras.\u0160ventin\u0117-puo\u0161yba.Christmas-decoratios.-240x385.jpg"},"5":{"file":"HORTUS-MAGICUS-ir-ADAM-DECOLIGHT-Kal\u0117din\u0117-vitrinos-dekoras.\u0160ventin\u0117-puo\u0161yba.Christmas-decoratios.-245x310.jpg","width":245,"height":310,"mime_type":"image\/jpeg","source_url":"https:\/\/www.geliudizainas.lt\/wp-content\/uploads\/2020\/11\/HORTUS-MAGICUS-ir-ADAM-DECOLIGHT-Kal\u0117din\u0117-vitrinos-dekoras.\u0160ventin\u0117-puo\u0161yba.Christmas-decoratios.-245x310.jpg"},"title-inside":{"file":"HORTUS-MAGICUS-ir-ADAM-DECOLIGHT-Kal\u0117din\u0117-vitrinos-dekoras.\u0160ventin\u0117-puo\u0161yba.Christmas-decoratios.-910x317.jpg","width":910,"height":317,"mime_type":"image\/jpeg","source_url":"https:\/\/www.geliudizainas.lt\/wp-content\/uploads\/2020\/11\/HORTUS-MAGICUS-ir-ADAM-DECOLIGHT-Kal\u0117din\u0117-vitrinos-dekoras.\u0160ventin\u0117-puo\u0161yba.Christmas-decoratios.-910x317.jpg"},"title-ins":{"file":"HORTUS-MAGICUS-ir-ADAM-DECOLIGHT-Kal\u0117din\u0117-vitrinos-dekoras.\u0160ventin\u0117-puo\u0161yba.Christmas-decoratios.-910x500.jpg","width":910,"height":500,"mime_type":"image\/jpeg","source_url":"https:\/\/www.geliudizainas.lt\/wp-content\/uploads\/2020\/11\/HORTUS-MAGICUS-ir-ADAM-DECOLIGHT-Kal\u0117din\u0117-vitrinos-dekoras.\u0160ventin\u0117-puo\u0161yba.Christmas-decoratios.-910x500.jpg"},"service-image":{"file":"HORTUS-MAGICUS-ir-ADAM-DECOLIGHT-Kal\u0117din\u0117-vitrinos-dekoras.\u0160ventin\u0117-puo\u0161yba.Christmas-decoratios.-620x260.jpg","width":620,"height":260,"mime_type":"image\/jpeg","source_url":"https:\/\/www.geliudizainas.lt\/wp-content\/uploads\/2020\/11\/HORTUS-MAGICUS-ir-ADAM-DECOLIGHT-Kal\u0117din\u0117-vitrinos-dekoras.\u0160ventin\u0117-puo\u0161yba.Christmas-decoratios.-620x260.jpg"},"full":{"file":"HORTUS-MAGICUS-ir-ADAM-DECOLIGHT-Kal\u0117din\u0117-vitrinos-dekoras.\u0160ventin\u0117-puo\u0161yba.Christmas-decoratios..jpg","width":910,"height":1365,"mime_type":"image\/jpeg","source_url":"https:\/\/www.geliudizainas.lt\/wp-content\/uploads\/2020\/11\/HORTUS-MAGICUS-ir-ADAM-DECOLIGHT-Kal\u0117din\u0117-vitrinos-dekoras.\u0160ventin\u0117-puo\u0161yba.Christmas-decoratios..jpg"}},"image_meta":{"aperture":"0","credit":"","camera":"","caption":"","created_timestamp":"0","copyright":"","focal_length":"0","iso":"0","shutter_speed":"0","title":"","orientation":"0","keywords":[]}},"post":null,"source_url":"https:\/\/www.geliudizainas.lt\/wp-content\/uploads\/2020\/11\/HORTUS-MAGICUS-ir-ADAM-DECOLIGHT-Kal\u0117din\u0117-vitrinos-dekoras.\u0160ventin\u0117-puo\u0161yba.Christmas-decoratios..jpg","_links":{"self":[{"href":"https:\/\/www.geliudizainas.lt\/en\/wp-json\/wp\/v2\/media\/604","targetHints":{"allow":["GET"]}}],"collection":[{"href":"https:\/\/www.geliudizainas.lt\/en\/wp-json\/wp\/v2\/media"}],"about":[{"href":"https:\/\/www.geliudizainas.lt\/en\/wp-json\/wp\/v2\/types\/attachment"}],"author":[{"embeddable":true,"href":"https:\/\/www.geliudizainas.lt\/en\/wp-json\/wp\/v2\/users\/1"}],"replies":[{"embeddable":true,"href":"https:\/\/www.geliudizainas.lt\/en\/wp-json\/wp\/v2\/comments?post=604"}]}}